{"id":16762,"date":"2019-02-13T09:36:58","date_gmt":"2019-02-13T09:36:58","guid":{"rendered":"https:\/\/www.aguarda.es\/associations-and-youth-groups\/"},"modified":"2019-02-13T09:36:58","modified_gmt":"2019-02-13T09:36:58","slug":"associations-and-youth-groups","status":"publish","type":"page","link":"https:\/\/www.aguarda.es\/en\/municipal-services\/youth-municipal-youth-information-office-omix\/associations-and-youth-groups\/","title":{"rendered":"Associations and Youth Groups"},"content":{"rendered":"<div data-post-id=\"2666\" class=\"insert-page insert-page-2666 \"><p>[vc_row][vc_column][vc_tta_tabs active_section=&#8221;1&#8243; el_class=&#8221;direcciones&#8221;][vc_tta_section i_icon_fontawesome=&#8221;fa fa-book&#8221; add_icon=&#8221;true&#8221; title=&#8221;Cultural&#8221; tab_id=&#8221;culturais&#8221;][vc_column_text]<\/p>\n<div><strong>AGRUPACI\u00d3N CORAL POLIF\u00d3NICA<\/strong><br \/>\n<img decoding=\"async\" src=\"https:\/\/www.aguarda.es\/wp-content\/uploads\/2013\/11\/iconoCasa.png\" \/> R\u00faa Lugo, 2<br \/>\n<img decoding=\"async\" src=\"https:\/\/www.aguarda.es\/wp-content\/uploads\/2013\/11\/iconoTelefono.png\" \/> <strong>Tel\u00e9fono:<\/strong> 610 764 655<br \/>\n<img decoding=\"async\" src=\"https:\/\/www.aguarda.es\/wp-content\/uploads\/2013\/11\/iconoCorreo.png\" \/> <strong>Email: <\/strong>jmsalcidos@sodiclas.com<\/div>\n<div><\/div>\n<div><strong>AGRUPACI\u00d3N CULTURAL GUARDESA <\/strong><br \/>\n<img decoding=\"async\" src=\"https:\/\/www.aguarda.es\/wp-content\/uploads\/2013\/11\/iconoCasa.png\" \/> R\u00faa Puerto Rico, 7<br \/>\n<img decoding=\"async\" src=\"https:\/\/www.aguarda.es\/wp-content\/uploads\/2013\/11\/iconoTelefono.png\" \/> <strong>Tel\u00e9fono:<\/strong> 637 732 978<br \/>\n<img decoding=\"async\" src=\"https:\/\/www.aguarda.es\/wp-content\/uploads\/2013\/11\/iconoCorreo.png\" \/> <strong>Email: <\/strong>agrupacionculturalguardesa@gmail.com<\/div>\n<div><\/div>\n<div><strong>AGRUPACI\u00d3N MUSICAL DA GUARDA<\/strong><br \/>\n<img decoding=\"async\" src=\"https:\/\/www.aguarda.es\/wp-content\/uploads\/2013\/11\/iconoCasa.png\" \/> R\u00faa Vigo, s\/n<br \/>\n<img decoding=\"async\" src=\"https:\/\/www.aguarda.es\/wp-content\/uploads\/2013\/11\/iconoTelefono.png\" \/> <strong>Tel\u00e9fono:<\/strong> 675 267 878<br \/>\n<img decoding=\"async\" src=\"https:\/\/www.aguarda.es\/wp-content\/uploads\/2013\/11\/iconoCorreo.png\" \/> <strong>Email: <\/strong>agrupacionmusicaldaguarda@hotmail.com<\/div>\n<div><\/div>\n<div><strong>ASOCIACI\u00d3N CHARANGA VAYA PANDA<\/strong><br \/>\n<img decoding=\"async\" src=\"https:\/\/www.aguarda.es\/wp-content\/uploads\/2013\/11\/iconoCasa.png\" \/> R\u00faa Ram\u00f3n Sobrino, 8 \u2013 Andar 3<br \/>\n<img decoding=\"async\" src=\"https:\/\/www.aguarda.es\/wp-content\/uploads\/2013\/11\/iconoTelefono.png\" \/> <strong>Tel\u00e9fono:<\/strong> 646 192 806<br \/>\n<img decoding=\"async\" src=\"https:\/\/www.aguarda.es\/wp-content\/uploads\/2013\/11\/iconoCorreo.png\" \/> <strong>Email: <\/strong>charangavayapanda@gmail.com<\/div>\n<div><\/div>\n<div><strong>ASOCIACI\u00d3N CULTURAL ALFOMBRAS<\/strong><br \/>\n<img decoding=\"async\" src=\"https:\/\/www.aguarda.es\/wp-content\/uploads\/2013\/11\/iconoCasa.png\" \/> R\u00faa 5\u00ba Transv. Oliva, 3 1\u00baB<br \/>\n<img decoding=\"async\" src=\"https:\/\/www.aguarda.es\/wp-content\/uploads\/2013\/11\/iconoTelefono.png\" \/> <strong>Tel\u00e9fono:<\/strong> 630 511 004<br \/>\n<img decoding=\"async\" src=\"https:\/\/www.aguarda.es\/wp-content\/uploads\/2013\/11\/iconoCorreo.png\" \/> <strong>Email: <\/strong>asociacionalfombrasaguarda@gmail.com<\/div>\n<div><\/div>\n<div><strong>ASOCIACI\u00d3N CULTURAL PIUEIRO<\/strong><br \/>\n<img decoding=\"async\" src=\"https:\/\/www.aguarda.es\/wp-content\/uploads\/2013\/11\/iconoCasa.png\" \/> R\u00faa Manuel \u00c1lvarez, 16 &#8211; Baixo<br \/>\n<img decoding=\"async\" src=\"https:\/\/www.aguarda.es\/wp-content\/uploads\/2013\/11\/iconoTelefono.png\" \/> <strong>Tel\u00e9fono:<\/strong> 606 339 965<br \/>\n<img decoding=\"async\" src=\"https:\/\/www.aguarda.es\/wp-content\/uploads\/2013\/11\/iconoCorreo.png\" \/> <strong>Email: <\/strong>asociacionpiueiro@gmail.com<\/div>\n<div><\/div>\n<div><strong>ASOCIACI\u00d3N CULTURAL XIDA<\/strong><br \/>\n<img decoding=\"async\" src=\"https:\/\/www.aguarda.es\/wp-content\/uploads\/2013\/11\/iconoCasa.png\" \/> R\u00faa Pint\u00e1n, 11<br \/>\n<img decoding=\"async\" src=\"https:\/\/www.aguarda.es\/wp-content\/uploads\/2013\/11\/iconoTelefono.png\" \/> <strong>Tel\u00e9fono:<\/strong> 696 372 798<br \/>\n<img decoding=\"async\" loading=\"lazy\" src=\"https:\/\/www.aguarda.es\/wp-content\/uploads\/2013\/11\/iconoCorreo.png\" width=\"18\" height=\"18\" \/> <strong>Email: <\/strong>a.c.xida@gmail.com<\/div>\n<div><\/div>\n<div><strong>ASOCIACI\u00d3N INFOIMAXE<\/strong><br \/>\n<img decoding=\"async\" src=\"https:\/\/www.aguarda.es\/wp-content\/uploads\/2013\/11\/iconoCasa.png\" \/> R\u00faa Puerto Rico, 23<br \/>\n<img decoding=\"async\" src=\"https:\/\/www.aguarda.es\/wp-content\/uploads\/2013\/11\/iconoTelefono.png\" \/> <strong>Tel\u00e9fono:<\/strong> 608 197 231<br \/>\n<img decoding=\"async\" loading=\"lazy\" src=\"https:\/\/www.aguarda.es\/wp-content\/uploads\/2013\/11\/iconoCorreo.png\" width=\"18\" height=\"18\" \/> <strong>Email: <\/strong>paxinasdaguarda@gmail.com<\/div>\n<div><\/div>\n<div><strong>ASOCIACI\u00d3N STUDIO 88<\/strong><br \/>\n<img decoding=\"async\" src=\"https:\/\/www.aguarda.es\/wp-content\/uploads\/2013\/11\/iconoCasa.png\" \/> Avd. Donantes de sangre, 28 2\u00baB<br \/>\n<img decoding=\"async\" src=\"https:\/\/www.aguarda.es\/wp-content\/uploads\/2013\/11\/iconoTelefono.png\" \/> <strong>Tel\u00e9fono:<\/strong> 630 223 086<br \/>\n<img decoding=\"async\" loading=\"lazy\" src=\"https:\/\/www.aguarda.es\/wp-content\/uploads\/2013\/11\/iconoCorreo.png\" width=\"18\" height=\"18\" \/> <strong>Email: <\/strong>asociacionstudio88@hotmail.com<\/div>\n<div><\/div>\n<div><strong>SOCIEDADE FILAT\u00c9LICA E NUMISM\u00c1TICA GUARDESA<\/strong><br \/>\n<img decoding=\"async\" src=\"https:\/\/www.aguarda.es\/wp-content\/uploads\/2013\/11\/iconoCasa.png\" \/> R\u00faa Ram\u00f3n Sobrino, 8<br \/>\n<img decoding=\"async\" src=\"https:\/\/www.aguarda.es\/wp-content\/uploads\/2013\/11\/iconoTelefono.png\" \/> <strong>Tel\u00e9fono:<\/strong> 648 707 630<br \/>\n<img decoding=\"async\" loading=\"lazy\" src=\"https:\/\/www.aguarda.es\/wp-content\/uploads\/2013\/11\/iconoCorreo.png\" width=\"18\" height=\"18\" \/> <strong>Email: <\/strong>filatelicaguardesa@gmail.com<\/div>\n<div><\/div>\n<div><strong>DO LUSCO \u00d3 FUSCO<\/strong><br \/>\n<img decoding=\"async\" src=\"https:\/\/www.aguarda.es\/wp-content\/uploads\/2013\/11\/iconoCasa.png\" \/> R\u00faa Lugo, 2<br \/>\n<img decoding=\"async\" src=\"https:\/\/www.aguarda.es\/wp-content\/uploads\/2013\/11\/iconoTelefono.png\" \/> <strong>Tel\u00e9fono:<\/strong> 610 576 056<br \/>\n<img decoding=\"async\" loading=\"lazy\" src=\"https:\/\/www.aguarda.es\/wp-content\/uploads\/2013\/11\/iconoCorreo.png\" width=\"18\" height=\"18\" \/> <strong>Email: <\/strong>doluscoofusco@gmail.com<\/div>\n<p>[\/vc_column_text][\/vc_tta_section][vc_tta_section i_icon_fontawesome=&#8221;fa fa-joomla&#8221; add_icon=&#8221;true&#8221; title=&#8221;Festivals&#8221; tab_id=&#8221;festas&#8221;][vc_column_text]<\/p>\n<div><strong>ASOCIACI\u00d3N CULTURAL A GU\u00cdA<\/strong><br \/>\n<img decoding=\"async\" src=\"https:\/\/www.aguarda.es\/wp-content\/uploads\/2013\/11\/iconoCasa.png\" \/> R\u00faa San Bernardo, 45<br \/>\n<img decoding=\"async\" src=\"https:\/\/www.aguarda.es\/wp-content\/uploads\/2013\/11\/iconoTelefono.png\" \/> <strong>Tel\u00e9fono:<\/strong> 670 295 423<br \/>\n<img decoding=\"async\" src=\"https:\/\/www.aguarda.es\/wp-content\/uploads\/2013\/11\/iconoCorreo.png\" \/> <strong>Email: <\/strong>asociacionfestasdaguia@gmail.com<\/div>\n<div><strong>ASOCIACI\u00d3N CULTURAL FESTAS BUX\u00c1N<\/strong><br \/>\n<img decoding=\"async\" src=\"https:\/\/www.aguarda.es\/wp-content\/uploads\/2013\/11\/iconoCasa.png\" \/> R\u00faa San Lorenzo, 7 &#8211; Porta 3<br \/>\n<img decoding=\"async\" src=\"https:\/\/www.aguarda.es\/wp-content\/uploads\/2013\/11\/iconoTelefono.png\" \/> <strong>Tel\u00e9fono:<\/strong> 608 384 486<br \/>\n<img decoding=\"async\" src=\"https:\/\/www.aguarda.es\/wp-content\/uploads\/2013\/11\/iconoCorreo.png\" \/> <strong>Email: <\/strong>festasdapascuabuxan@gmail.com<\/div>\n<div><strong>COMISI\u00d3N DE FESTAS VIRXE DO CARMEN<\/strong><br \/>\n<img decoding=\"async\" src=\"https:\/\/www.aguarda.es\/wp-content\/uploads\/2013\/11\/iconoCasa.png\" \/> Aptdo. de correos 81<br \/>\n<img decoding=\"async\" src=\"https:\/\/www.aguarda.es\/wp-content\/uploads\/2013\/11\/iconoTelefono.png\" \/> <strong>Tel\u00e9fono: <\/strong>607 587 206<br \/>\n<img decoding=\"async\" src=\"https:\/\/www.aguarda.es\/wp-content\/uploads\/2013\/11\/iconoCorreo.png\" \/> <strong>Email: <\/strong>festadocarmenaguarda@gmail.com<\/div>\n<div><\/div>\n<p>[\/vc_column_text][\/vc_tta_section][vc_tta_section i_icon_fontawesome=&#8221;fa fa-futbol-o&#8221; add_icon=&#8221;true&#8221; title=&#8221;Sports&#8221; tab_id=&#8221;deportivas&#8221;][vc_column_text]<\/p>\n<div>\n<p><strong>ASOCIACI\u00d3N CULTURAL E DEPORTIVA ALBATROS<\/strong><br \/>\n<img decoding=\"async\" loading=\"lazy\" src=\"https:\/\/www.aguarda.es\/wp-content\/uploads\/2013\/11\/iconoCasa.png\" width=\"18\" height=\"18\" \/> R\u00faa Tomi\u00f1o, 8<br \/>\n<img decoding=\"async\" loading=\"lazy\" src=\"https:\/\/www.aguarda.es\/wp-content\/uploads\/2013\/11\/iconoTelefono.png\" width=\"18\" height=\"18\" \/> <strong>Tel\u00e9fono:<\/strong> 649 889 884<br \/>\n<img decoding=\"async\" loading=\"lazy\" src=\"https:\/\/www.aguarda.es\/wp-content\/uploads\/2013\/11\/iconoCorreo.png\" width=\"18\" height=\"18\" \/> <strong>Email: <\/strong>xadrezalbatros@xadrezalbatros.com<br \/>\n<img decoding=\"async\" loading=\"lazy\" src=\"https:\/\/www.aguarda.es\/wp-content\/uploads\/2013\/11\/iconoInfo.png\" width=\"18\" height=\"18\" \/> <strong>Web: <\/strong><a href=\"www.xadrezalbatros.com\">www.xadrezalbatros.com<\/a><\/p>\n<p><strong>ATN BAIXOMI\u00d1O<\/strong><br \/>\n<img decoding=\"async\" loading=\"lazy\" src=\"https:\/\/www.aguarda.es\/wp-content\/uploads\/2013\/11\/iconoCasa.png\" width=\"18\" height=\"18\" \/> R\u00faa Manuel \u00e7Alvarez, 16<br \/>\n<img decoding=\"async\" loading=\"lazy\" src=\"https:\/\/www.aguarda.es\/wp-content\/uploads\/2013\/11\/iconoTelefono.png\" width=\"18\" height=\"18\" \/> <strong>Tel\u00e9fono:<\/strong> 610 831 821<br \/>\n<img decoding=\"async\" loading=\"lazy\" src=\"https:\/\/www.aguarda.es\/wp-content\/uploads\/2013\/11\/iconoCorreo.png\" width=\"18\" height=\"18\" \/> <strong>Email: <\/strong>atnbaixomino@gmail.com<br \/>\n<img decoding=\"async\" loading=\"lazy\" src=\"https:\/\/www.aguarda.es\/wp-content\/uploads\/2013\/11\/iconoInfo.png\" width=\"18\" height=\"18\" \/> <strong>Web: &#8211;<\/strong><\/p>\n<p><strong>CLUB ALAGUA<\/strong><br \/>\n<img decoding=\"async\" loading=\"lazy\" src=\"https:\/\/www.aguarda.es\/wp-content\/uploads\/2013\/11\/iconoCasa.png\" width=\"18\" height=\"18\" \/> R\u00faa A Cal, 74 &#8211; Portal 1 \u00e1tico B<br \/>\n<img decoding=\"async\" loading=\"lazy\" src=\"https:\/\/www.aguarda.es\/wp-content\/uploads\/2013\/11\/iconoTelefono.png\" width=\"18\" height=\"18\" \/> <strong>Tel\u00e9fono:<\/strong> 626 547 844<br \/>\n<img decoding=\"async\" loading=\"lazy\" src=\"https:\/\/www.aguarda.es\/wp-content\/uploads\/2013\/11\/iconoCorreo.png\" width=\"18\" height=\"18\" \/> <strong>Email: <\/strong>club.alagua@gmail.com<br \/>\n<img decoding=\"async\" loading=\"lazy\" src=\"https:\/\/www.aguarda.es\/wp-content\/uploads\/2013\/11\/iconoInfo.png\" width=\"18\" height=\"18\" \/> <strong>Web: <\/strong><a href=\"www.clubalagua.com\">www.clubalagua.com<\/a><\/p>\n<p><strong>CLUB BALONM\u00c1N ATL\u00c9TICO GUARD\u00c9S<\/strong><br \/>\n<img decoding=\"async\" src=\"https:\/\/www.aguarda.es\/wp-content\/uploads\/2013\/11\/iconoCasa.png\" \/> Pavill\u00f3n A Sangri\u00f1a. Paseo de Portugal s\/n\u00a0 Apdo de correos n\u00ba 1<br \/>\n<img decoding=\"async\" src=\"https:\/\/www.aguarda.es\/wp-content\/uploads\/2013\/11\/iconoTelefono.png\" \/> <strong>Tel\u00e9fono:<\/strong> 690 650 434<br \/>\n<img decoding=\"async\" src=\"https:\/\/www.aguarda.es\/wp-content\/uploads\/2013\/11\/iconoCorreo.png\" \/> <strong>Email: <\/strong>balonmanguardes@outlook.es<br \/>\n<img decoding=\"async\" loading=\"lazy\" src=\"https:\/\/www.aguarda.es\/wp-content\/uploads\/2013\/11\/iconoInfo.png\" width=\"18\" height=\"18\" \/> <strong>Web: <\/strong><a href=\"https:\/\/balonmanatleticoguardes.com\/\">http:\/\/www.balonmanatleticoguardes.com\/<\/a><\/p>\n<p><strong>CLUB CICLISTA GUARD\u00c9S<\/strong><br \/>\n<img decoding=\"async\" loading=\"lazy\" src=\"https:\/\/www.aguarda.es\/wp-content\/uploads\/2013\/11\/iconoCasa.png\" width=\"18\" height=\"18\" \/> Transversal Troncoso n\u00ba3, 1\u00ba B<br \/>\n<img decoding=\"async\" loading=\"lazy\" src=\"https:\/\/www.aguarda.es\/wp-content\/uploads\/2013\/11\/iconoTelefono.png\" width=\"18\" height=\"18\" \/> <strong>Tel\u00e9fono:<\/strong> 986 610 307<br \/>\n<img decoding=\"async\" loading=\"lazy\" src=\"https:\/\/www.aguarda.es\/wp-content\/uploads\/2013\/11\/iconoCorreo.png\" width=\"18\" height=\"18\" \/> <strong>Email: <\/strong>&#8211;<br \/>\n<img decoding=\"async\" loading=\"lazy\" src=\"https:\/\/www.aguarda.es\/wp-content\/uploads\/2013\/11\/iconoInfo.png\" width=\"18\" height=\"18\" \/> <strong>Web: <\/strong><a href=\"www.ccguardes.es\">www.ccguardes.es<\/a><\/p>\n<p><strong>CLUB DE REMO ROBALEIRA<\/strong><br \/>\n<img decoding=\"async\" loading=\"lazy\" src=\"https:\/\/www.aguarda.es\/wp-content\/uploads\/2013\/11\/iconoCasa.png\" width=\"18\" height=\"18\" \/> R\u00faa Rosal &#8211; Mui\u00f1o de Abaixo s\/n<br \/>\n<img decoding=\"async\" loading=\"lazy\" src=\"https:\/\/www.aguarda.es\/wp-content\/uploads\/2013\/11\/iconoTelefono.png\" width=\"18\" height=\"18\" \/> <strong>Tel\u00e9fono:<\/strong> 687 783 953<br \/>\n<img decoding=\"async\" loading=\"lazy\" src=\"https:\/\/www.aguarda.es\/wp-content\/uploads\/2013\/11\/iconoCorreo.png\" width=\"18\" height=\"18\" \/> <strong>Email: <\/strong>clubremorobaleira@hotmail.com<br \/>\n<img decoding=\"async\" loading=\"lazy\" src=\"https:\/\/www.aguarda.es\/wp-content\/uploads\/2013\/11\/iconoInfo.png\" width=\"18\" height=\"18\" \/> <strong>Web: <\/strong>&#8211;<\/p>\n<p><strong>CLUB DE TENIS CODESAL<\/strong><br \/>\n<img decoding=\"async\" loading=\"lazy\" src=\"https:\/\/www.aguarda.es\/wp-content\/uploads\/2013\/11\/iconoCasa.png\" width=\"18\" height=\"18\" \/> R\u00faa Estrada A Pasaxe s\/n &#8211; Camposancos<br \/>\n<img decoding=\"async\" loading=\"lazy\" src=\"https:\/\/www.aguarda.es\/wp-content\/uploads\/2013\/11\/iconoTelefono.png\" width=\"18\" height=\"18\" \/> <strong>Tel\u00e9fono:<\/strong> 986 627 210<br \/>\n<img decoding=\"async\" loading=\"lazy\" src=\"https:\/\/www.aguarda.es\/wp-content\/uploads\/2013\/11\/iconoCorreo.png\" width=\"18\" height=\"18\" \/> <strong>Email: <\/strong>codesal@ctcodesal.com<br \/>\n<img decoding=\"async\" loading=\"lazy\" src=\"https:\/\/www.aguarda.es\/wp-content\/uploads\/2013\/11\/iconoInfo.png\" width=\"18\" height=\"18\" \/> <strong>Web: <\/strong><a href=\"www.ctcodesal.com\">www.ctcodesal.com<\/a><\/p>\n<p><strong>CLUB POLIDEPORTIVO SAN XEROME EMILIANI<\/strong><br \/>\n<img decoding=\"async\" loading=\"lazy\" src=\"https:\/\/www.aguarda.es\/wp-content\/uploads\/2013\/11\/iconoCasa.png\" width=\"18\" height=\"18\" \/> R\/Galicia, 23<br \/>\n<img decoding=\"async\" loading=\"lazy\" src=\"https:\/\/www.aguarda.es\/wp-content\/uploads\/2013\/11\/iconoTelefono.png\" width=\"18\" height=\"18\" \/> <strong>Tel\u00e9fono:<\/strong> 986 613 719<br \/>\n<img decoding=\"async\" loading=\"lazy\" src=\"https:\/\/www.aguarda.es\/wp-content\/uploads\/2013\/11\/iconoCorreo.png\" width=\"18\" height=\"18\" \/> <strong>Email: <\/strong>clubdeportivo@sanxerome.com<br \/>\n<img decoding=\"async\" loading=\"lazy\" src=\"https:\/\/www.aguarda.es\/wp-content\/uploads\/2013\/11\/iconoInfo.png\" width=\"18\" height=\"18\" \/> <strong>Web: <\/strong><a href=\"www.sanxerome.com\/web\/club-deportivo\">www.sanxerome.com\/web\/club-deportivo<\/a><\/p>\n<p><strong>CLUB SEN AMARRAS<\/strong><br \/>\n<img decoding=\"async\" loading=\"lazy\" src=\"https:\/\/www.aguarda.es\/wp-content\/uploads\/2013\/11\/iconoCasa.png\" width=\"18\" height=\"18\" \/> Cami\u00f1o Saa &#8211; Camposancos, 2<br \/>\n<img decoding=\"async\" loading=\"lazy\" src=\"https:\/\/www.aguarda.es\/wp-content\/uploads\/2013\/11\/iconoTelefono.png\" width=\"18\" height=\"18\" \/> <strong>Tel\u00e9fono:<\/strong> 692 516 638<br \/>\n<img decoding=\"async\" loading=\"lazy\" src=\"https:\/\/www.aguarda.es\/wp-content\/uploads\/2013\/11\/iconoCorreo.png\" width=\"18\" height=\"18\" \/> <strong>Email: senamarras@gmail.com<\/strong><br \/>\n<img decoding=\"async\" loading=\"lazy\" src=\"https:\/\/www.aguarda.es\/wp-content\/uploads\/2013\/11\/iconoInfo.png\" width=\"18\" height=\"18\" \/> <strong>Web: <\/strong>&#8211;<\/p>\n<p><strong>CLUB SPORTING GUARD\u00c9S<\/strong><br \/>\n<img decoding=\"async\" loading=\"lazy\" src=\"https:\/\/www.aguarda.es\/wp-content\/uploads\/2013\/11\/iconoCasa.png\" width=\"18\" height=\"18\" \/> Avda. Paseo de P\u00f3rtugal s\/n<br \/>\n<img decoding=\"async\" loading=\"lazy\" src=\"https:\/\/www.aguarda.es\/wp-content\/uploads\/2013\/11\/iconoTelefono.png\" width=\"18\" height=\"18\" \/> <strong>Tel\u00e9fono:<\/strong> 629 472 972<br \/>\n<img decoding=\"async\" loading=\"lazy\" src=\"https:\/\/www.aguarda.es\/wp-content\/uploads\/2013\/11\/iconoCorreo.png\" width=\"18\" height=\"18\" \/> <strong>Email: <\/strong>spguardes@yahoo.es<br \/>\n<img decoding=\"async\" loading=\"lazy\" src=\"https:\/\/www.aguarda.es\/wp-content\/uploads\/2013\/11\/iconoInfo.png\" width=\"18\" height=\"18\" \/> <strong>Web: <\/strong>&#8211;<\/p>\n<p><strong>CLUB VOLEI MI\u00d1O<\/strong><br \/>\n<img decoding=\"async\" loading=\"lazy\" src=\"https:\/\/www.aguarda.es\/wp-content\/uploads\/2013\/11\/iconoCasa.png\" width=\"18\" height=\"18\" \/> Cami\u00f1o Armona, Bouza da Fonte, 25 &#8211; Camposancos<br \/>\n<img decoding=\"async\" loading=\"lazy\" src=\"https:\/\/www.aguarda.es\/wp-content\/uploads\/2013\/11\/iconoTelefono.png\" width=\"18\" height=\"18\" \/> <strong>Tel\u00e9fono:<\/strong> 626 563 408<br \/>\n<img decoding=\"async\" loading=\"lazy\" src=\"https:\/\/www.aguarda.es\/wp-content\/uploads\/2013\/11\/iconoCorreo.png\" width=\"18\" height=\"18\" \/> <strong>Email: <\/strong>c.volley.minho@gmail.com<br \/>\n<img decoding=\"async\" loading=\"lazy\" src=\"https:\/\/www.aguarda.es\/wp-content\/uploads\/2013\/11\/iconoInfo.png\" width=\"18\" height=\"18\" \/> <strong>Web: <\/strong>&#8211;<\/p>\n<p><strong>OS DA FOZ<\/strong><br \/>\n<img decoding=\"async\" loading=\"lazy\" src=\"https:\/\/www.aguarda.es\/wp-content\/uploads\/2013\/11\/iconoCasa.png\" width=\"18\" height=\"18\" \/> R\u00faa Casti\u00f1eira, 43<br \/>\n<img decoding=\"async\" loading=\"lazy\" src=\"https:\/\/www.aguarda.es\/wp-content\/uploads\/2013\/11\/iconoTelefono.png\" width=\"18\" height=\"18\" \/> <strong>Tel\u00e9fono:<\/strong> 650 194 945<br \/>\n<img decoding=\"async\" loading=\"lazy\" src=\"https:\/\/www.aguarda.es\/wp-content\/uploads\/2013\/11\/iconoCorreo.png\" width=\"18\" height=\"18\" \/> <strong>Email: <\/strong>osdafoz@gmail.com<br \/>\n<img decoding=\"async\" loading=\"lazy\" src=\"https:\/\/www.aguarda.es\/wp-content\/uploads\/2013\/11\/iconoInfo.png\" width=\"18\" height=\"18\" \/> <strong>Web: <\/strong>&#8211;<\/p>\n<\/div>\n<p>[\/vc_column_text][\/vc_tta_section][vc_tta_section i_icon_fontawesome=&#8221;fa fa-tty&#8221; add_icon=&#8221;true&#8221; title=&#8221;Social&#8221; tab_id=&#8221;sociais&#8221;][vc_column_text]<\/p>\n<div><strong>ANPA JOAQUINA SOBRINO<\/strong><br \/>\n<img decoding=\"async\" src=\"https:\/\/www.aguarda.es\/wp-content\/uploads\/2013\/11\/iconoCasa.png\" \/> R\u00faa Galicia, 23<br \/>\n<img decoding=\"async\" src=\"https:\/\/www.aguarda.es\/wp-content\/uploads\/2013\/11\/iconoTelefono.png\" \/> <strong>Tel\u00e9fono:<\/strong> 986 613 719<br \/>\n<img decoding=\"async\" loading=\"lazy\" src=\"https:\/\/www.aguarda.es\/wp-content\/uploads\/2013\/11\/iconoCorreo.png\" width=\"18\" height=\"18\" \/> <strong>Email: <\/strong>anpaxerome@gmail.com<\/div>\n<div><\/div>\n<div><strong>ASAMBLEA COMARCAL CRUZ VERMELLA BAIXO MI\u00d1O<\/strong><br \/>\n<img decoding=\"async\" src=\"https:\/\/www.aguarda.es\/wp-content\/uploads\/2013\/11\/iconoCasa.png\" \/> R\u00faa Agust\u00edn Nand\u00edn Lomba n\u00ba 1 Baixo &#8211; Apdo. de Correos 131<br \/>\n<img decoding=\"async\" src=\"https:\/\/www.aguarda.es\/wp-content\/uploads\/2013\/11\/iconoTelefono.png\" \/> <strong>Tel\u00e9fono:<\/strong> 986 614 609 \/ 606 348 471<br \/>\n<img decoding=\"async\" src=\"https:\/\/www.aguarda.es\/wp-content\/uploads\/2013\/11\/iconoCorreo.png\" \/> <strong>Email: <\/strong>laguardia@cruzroja.es<\/div>\n<div><\/div>\n<div><strong>ASOCIACI\u00d3N AVELA\u00cd\u00d1A DE AXUDA \u00c1S PERSOAS CON PROBLEMAS DE SA\u00daDE MENTAL<\/strong><br \/>\n<img decoding=\"async\" src=\"https:\/\/www.aguarda.es\/wp-content\/uploads\/2013\/11\/iconoCasa.png\" \/> 2\u00ba Trasv. Coruto Vello, 33<br \/>\n<img decoding=\"async\" src=\"https:\/\/www.aguarda.es\/wp-content\/uploads\/2013\/11\/iconoTelefono.png\" \/> <strong>Tel\u00e9fono:<\/strong> 986 610 021<br \/>\n<img decoding=\"async\" src=\"https:\/\/www.aguarda.es\/wp-content\/uploads\/2013\/11\/iconoCorreo.png\" \/> <strong>Email: <\/strong>asociacion@avelaina.org.es<\/div>\n<div><\/div>\n<div><strong>ASOCIACI\u00d3N DE MULLERES PROGRESISTAS<\/strong><br \/>\n<img decoding=\"async\" src=\"https:\/\/www.aguarda.es\/wp-content\/uploads\/2013\/11\/iconoCasa.png\" \/> R\u00faa Baiona s\/n<br \/>\n<img decoding=\"async\" src=\"https:\/\/www.aguarda.es\/wp-content\/uploads\/2013\/11\/iconoTelefono.png\" \/> <strong>Tel\u00e9fono:<\/strong> 686430140<br \/>\n<img decoding=\"async\" src=\"https:\/\/www.aguarda.es\/wp-content\/uploads\/2013\/11\/iconoCorreo.png\" \/> <strong>Email: <\/strong>marialvarez@edu.xunta.es<\/div>\n<div><\/div>\n<div><strong>ASOCIACI\u00d3NS DE MULLERES RURAIS<\/strong><br \/>\n<img decoding=\"async\" src=\"https:\/\/www.aguarda.es\/wp-content\/uploads\/2013\/11\/iconoCasa.png\" \/> R\u00faa Puerto Rico, 7<br \/>\n<img decoding=\"async\" src=\"https:\/\/www.aguarda.es\/wp-content\/uploads\/2013\/11\/iconoTelefono.png\" \/> <strong>Tel\u00e9fono:<\/strong> 690 218 393<br \/>\n<img decoding=\"async\" src=\"https:\/\/www.aguarda.es\/wp-content\/uploads\/2013\/11\/iconoCorreo.png\" \/> <strong>Email: <\/strong>mrsantatecla@hotmail.com<\/div>\n<div><\/div>\n<div><strong>ASOCIACI\u00d3N SAN VICENTE DE PAUL<\/strong><br \/>\n<img decoding=\"async\" src=\"https:\/\/www.aguarda.es\/wp-content\/uploads\/2013\/11\/iconoCasa.png\" \/> R\u00faa Jos\u00e9 Mar\u00eda Andreini, 4<br \/>\n<img decoding=\"async\" src=\"https:\/\/www.aguarda.es\/wp-content\/uploads\/2013\/11\/iconoTelefono.png\" \/> <strong>Tel\u00e9fono:<\/strong> 670 356 942<br \/>\n<img decoding=\"async\" src=\"https:\/\/www.aguarda.es\/wp-content\/uploads\/2013\/11\/iconoCorreo.png\" \/> <strong>Email: <\/strong>svicentepaulaguarda@hotmail.com<\/div>\n<div><\/div>\n<div><strong>ASOCIACI\u00d3N SAN XEROME EMILIANI<\/strong><br \/>\n<img decoding=\"async\" src=\"https:\/\/www.aguarda.es\/wp-content\/uploads\/2013\/11\/iconoCasa.png\" \/> R\u00faa Galicia, 23<br \/>\n<img decoding=\"async\" src=\"https:\/\/www.aguarda.es\/wp-content\/uploads\/2013\/11\/iconoTelefono.png\" \/> <strong>Tel\u00e9fono:<\/strong> 986 613 719<br \/>\n<img decoding=\"async\" src=\"https:\/\/www.aguarda.es\/wp-content\/uploads\/2013\/11\/iconoCorreo.png\" \/> <strong>Email: xerencia<\/strong>@sanxerome.com<\/div>\n<div><\/div>\n<div>\n<div><strong>CLUB DE LA TERCERA EDAD Y PENSIONISTAS DE A GUARDA<\/strong><br \/>\n<img decoding=\"async\" src=\"https:\/\/www.aguarda.es\/wp-content\/uploads\/2013\/11\/iconoCasa.png\" \/> Pza.San Bieito, 10-3\u00ba<br \/>\n<img decoding=\"async\" src=\"https:\/\/www.aguarda.es\/wp-content\/uploads\/2013\/11\/iconoTelefono.png\" \/> <strong>Tel\u00e9fono:<\/strong> 986 610 369<br \/>\n<img decoding=\"async\" src=\"https:\/\/www.aguarda.es\/wp-content\/uploads\/2013\/11\/iconoCorreo.png\" \/> <strong>Email: <\/strong>terceiraidade@telefonica.net<\/div>\n<div><\/div>\n<\/div>\n<div><strong>\u00c9RGUETE BAIXO MI\u00d1O<\/strong><br \/>\n<img decoding=\"async\" src=\"https:\/\/www.aguarda.es\/wp-content\/uploads\/2013\/11\/iconoCasa.png\" \/> R\u00faa Col\u00f3n 20 (Edificio O Pescador)<br \/>\n<img decoding=\"async\" src=\"https:\/\/www.aguarda.es\/wp-content\/uploads\/2013\/11\/iconoTelefono.png\" \/> <strong>Tel\u00e9fono:<\/strong> 986 614 407<br \/>\n<img decoding=\"async\" src=\"https:\/\/www.aguarda.es\/wp-content\/uploads\/2013\/11\/iconoCorreo.png\" \/> <strong>Email: <\/strong>info@erguete.org<\/div>\n<div><\/div>\n<div><strong>FIBROMI\u00d1O<\/strong><br \/>\n<img decoding=\"async\" src=\"https:\/\/www.aguarda.es\/wp-content\/uploads\/2013\/11\/iconoCasa.png\" \/> R\u00faa Puerto Rico, 7<br \/>\n<img decoding=\"async\" src=\"https:\/\/www.aguarda.es\/wp-content\/uploads\/2013\/11\/iconoTelefono.png\" \/> <strong>Tel\u00e9fono:<\/strong> 606 612 645<br \/>\n<img decoding=\"async\" loading=\"lazy\" src=\"https:\/\/www.aguarda.es\/wp-content\/uploads\/2013\/11\/iconoCorreo.png\" width=\"18\" height=\"18\" \/> <strong>Email: <\/strong>fibrominho@gmail.com<\/div>\n<div><\/div>\n<div><strong>FUNDACI\u00d3N LAS SAMARITANAS<\/strong><br \/>\n<img decoding=\"async\" src=\"https:\/\/www.aguarda.es\/wp-content\/uploads\/2013\/11\/iconoCasa.png\" \/> R\u00faa da Capela, 14<br \/>\n<img decoding=\"async\" src=\"https:\/\/www.aguarda.es\/wp-content\/uploads\/2013\/11\/iconoTelefono.png\" \/> <strong>Tel\u00e9fono:<\/strong> 699 393 543<br \/>\n<img decoding=\"async\" src=\"https:\/\/www.aguarda.es\/wp-content\/uploads\/2013\/11\/iconoCorreo.png\" \/> <strong>Email: <\/strong>anavilcol@hotmail.com<\/div>\n<div><\/div>\n<div><strong>TRANSMI\u00d1O<\/strong><br \/>\n<img decoding=\"async\" src=\"https:\/\/www.aguarda.es\/wp-content\/uploads\/2013\/11\/iconoCasa.png\" \/> R\u00faa A Cal, 159<br \/>\n<img decoding=\"async\" src=\"https:\/\/www.aguarda.es\/wp-content\/uploads\/2013\/11\/iconoTelefono.png\" \/> <strong>Tel\u00e9fono:<\/strong> 626 420 874<br \/>\n<img decoding=\"async\" loading=\"lazy\" src=\"https:\/\/www.aguarda.es\/wp-content\/uploads\/2013\/11\/iconoCorreo.png\" width=\"18\" height=\"18\" \/> <strong>Email: <\/strong>transminho.lgtbi@gmail.com<\/div>\n<div><\/div>\n<p>[\/vc_column_text][\/vc_tta_section][vc_tta_section i_icon_fontawesome=&#8221;fa fa-recycle&#8221; add_icon=&#8221;true&#8221; title=&#8221;Environmental&#8221; tab_id=&#8221;ambientais&#8221;][vc_column_text]<\/p>\n<div>\n<p><strong>ASOCIACI\u00d3N NATURALISTA BAIXO MI\u00d1O ( ANABAM )<\/strong><br \/>\n<img decoding=\"async\" src=\"https:\/\/www.aguarda.es\/wp-content\/uploads\/2013\/11\/iconoCasa.png\" \/> R\u00faa Calvario, 44(Baixo) &#8211; Apdo. de Correos 59<br \/>\n<img decoding=\"async\" src=\"https:\/\/www.aguarda.es\/wp-content\/uploads\/2013\/11\/iconoTelefono.png\" \/> <strong>Tel\u00e9fono:<\/strong> 616 180 557<br \/>\n<img decoding=\"async\" loading=\"lazy\" src=\"https:\/\/www.aguarda.es\/wp-content\/uploads\/2013\/11\/iconoCorreo.png\" width=\"18\" height=\"18\" \/> <strong>Email: <\/strong>anabam.anabam@gmail.com \/ anabam@gmx.es<\/p>\n<\/div>\n<p>[\/vc_column_text][\/vc_tta_section][vc_tta_section i_icon_fontawesome=&#8221;fa fa-users&#8221; add_icon=&#8221;true&#8221; title=&#8221;Neighborhoods&#8221; tab_id=&#8221;vecinhais&#8221;][vc_column_text]<\/p>\n<div><strong>ASOCIACI\u00d3N DE VECI\u00d1OS O PERCAMINO<\/strong><br \/>\n<img decoding=\"async\" src=\"https:\/\/www.aguarda.es\/wp-content\/uploads\/2013\/11\/iconoCasa.png\" \/> Praza dos Seixi\u00f1os s\/n (A G\u00e1ndara)<br \/>\n<img decoding=\"async\" src=\"https:\/\/www.aguarda.es\/wp-content\/uploads\/2013\/11\/iconoTelefono.png\" \/> <strong>Tel\u00e9fono:<\/strong> 609 117 835<br \/>\n<img decoding=\"async\" loading=\"lazy\" src=\"https:\/\/www.aguarda.es\/wp-content\/uploads\/2013\/11\/iconoCorreo.png\" width=\"18\" height=\"18\" \/> <strong>Email: <\/strong>opercamino@hotmail.com<\/div>\n<p>[\/vc_column_text][\/vc_tta_section][vc_tta_section i_icon_fontawesome=&#8221;fa fa-industry&#8221; add_icon=&#8221;true&#8221; title=&#8221;Businesses-Professionals&#8221; tab_id=&#8221;empresariais-profesionais&#8221;][vc_column_text][\/vc_column_text][\/vc_tta_section][\/vc_tta_tabs][\/vc_column][\/vc_row]<\/p>\n<\/div>\n","protected":false},"excerpt":{"rendered":"[vc_row][vc_column][vc_tta_tabs active_section=\"1\" el_class=\"direcciones\"][vc_tta_section i_icon_fontawesome=\"fa fa-book\" add_icon=\"true\" title=\"Cultural\" tab_id=\"culturais\"][vc_column_text] AGRUPACI\u00d3N CORAL POLIF\u00d3NICA R\u00faa Lugo, 2 Tel\u00e9fono: 610 764 655 Email: jmsalcidos@sodiclas.com AGRUPACI\u00d3N CULTURAL GUARDESA R\u00faa Puerto Rico, 7 Tel\u00e9fono: 637 732 978 Email: agrupacionculturalguardesa@gmail.com AGRUPACI\u00d3N MUSICAL DA GUARDA R\u00faa Vigo, s\/n &hellip; ","protected":false},"author":1,"featured_media":0,"parent":16763,"menu_order":0,"comment_status":"closed","ping_status":"closed","template":"","meta":[],"yoast_head":"<!-- This site is optimized with the Yoast SEO plugin v21.1 - https:\/\/yoast.com\/wordpress\/plugins\/seo\/ -->\n<title>Associations and Youth Groups - Concello da Guarda<\/title>\n<meta name=\"robots\" content=\"index, follow, max-snippet:-1, max-image-preview:large, max-video-preview:-1\" \/>\n<link rel=\"canonical\" href=\"https:\/\/www.aguarda.es\/en\/municipal-services\/youth-municipal-youth-information-office-omix\/associations-and-youth-groups\/\" \/>\n<meta property=\"og:locale\" content=\"en_US\" \/>\n<meta property=\"og:type\" content=\"article\" \/>\n<meta property=\"og:title\" content=\"Associations and Youth Groups - Concello da Guarda\" \/>\n<meta property=\"og:url\" content=\"https:\/\/www.aguarda.es\/en\/municipal-services\/youth-municipal-youth-information-office-omix\/associations-and-youth-groups\/\" \/>\n<meta property=\"og:site_name\" content=\"Concello da Guarda\" \/>\n<meta property=\"article:publisher\" content=\"https:\/\/www.facebook.com\/ConcellodaGuarda\" \/>\n<meta property=\"og:image\" content=\"https:\/\/www.aguarda.es\/wp-content\/uploads\/2017\/06\/escudo-full-2.jpg\" \/>\n\t<meta property=\"og:image:width\" content=\"1135\" \/>\n\t<meta property=\"og:image:height\" content=\"712\" \/>\n\t<meta property=\"og:image:type\" content=\"image\/jpeg\" \/>\n<meta name=\"twitter:card\" content=\"summary_large_image\" \/>\n<meta name=\"twitter:site\" content=\"@AGuarda_es\" \/>\n<script type=\"application\/ld+json\" class=\"yoast-schema-graph\">{\"@context\":\"https:\/\/schema.org\",\"@graph\":[{\"@type\":\"WebPage\",\"@id\":\"https:\/\/www.aguarda.es\/en\/municipal-services\/youth-municipal-youth-information-office-omix\/associations-and-youth-groups\/\",\"url\":\"https:\/\/www.aguarda.es\/en\/municipal-services\/youth-municipal-youth-information-office-omix\/associations-and-youth-groups\/\",\"name\":\"Associations and Youth Groups - Concello da Guarda\",\"isPartOf\":{\"@id\":\"https:\/\/www.aguarda.es\/en\/#website\"},\"datePublished\":\"2019-02-13T09:36:58+00:00\",\"dateModified\":\"2019-02-13T09:36:58+00:00\",\"breadcrumb\":{\"@id\":\"https:\/\/www.aguarda.es\/en\/municipal-services\/youth-municipal-youth-information-office-omix\/associations-and-youth-groups\/#breadcrumb\"},\"inLanguage\":\"en-US\",\"potentialAction\":[{\"@type\":\"ReadAction\",\"target\":[\"https:\/\/www.aguarda.es\/en\/municipal-services\/youth-municipal-youth-information-office-omix\/associations-and-youth-groups\/\"]}]},{\"@type\":\"BreadcrumbList\",\"@id\":\"https:\/\/www.aguarda.es\/en\/municipal-services\/youth-municipal-youth-information-office-omix\/associations-and-youth-groups\/#breadcrumb\",\"itemListElement\":[{\"@type\":\"ListItem\",\"position\":1,\"name\":\"Portada\",\"item\":\"https:\/\/www.aguarda.es\/en\/\"},{\"@type\":\"ListItem\",\"position\":2,\"name\":\"Municipal services\",\"item\":\"https:\/\/www.aguarda.es\/en\/municipal-services\/\"},{\"@type\":\"ListItem\",\"position\":3,\"name\":\"YOUTH (Municipal Youth Information Office- OMIX)\",\"item\":\"https:\/\/www.aguarda.es\/en\/municipal-services\/youth-municipal-youth-information-office-omix\/\"},{\"@type\":\"ListItem\",\"position\":4,\"name\":\"Associations and Youth Groups\"}]},{\"@type\":\"WebSite\",\"@id\":\"https:\/\/www.aguarda.es\/en\/#website\",\"url\":\"https:\/\/www.aguarda.es\/en\/\",\"name\":\"Concello da Guarda\",\"description\":\"P\u00e1xina web do concello da Guarda\",\"potentialAction\":[{\"@type\":\"SearchAction\",\"target\":{\"@type\":\"EntryPoint\",\"urlTemplate\":\"https:\/\/www.aguarda.es\/en\/?s={search_term_string}\"},\"query-input\":\"required name=search_term_string\"}],\"inLanguage\":\"en-US\"}]}<\/script>\n<!-- \/ Yoast SEO plugin. -->","yoast_head_json":{"title":"Associations and Youth Groups - Concello da Guarda","robots":{"index":"index","follow":"follow","max-snippet":"max-snippet:-1","max-image-preview":"max-image-preview:large","max-video-preview":"max-video-preview:-1"},"canonical":"https:\/\/www.aguarda.es\/en\/municipal-services\/youth-municipal-youth-information-office-omix\/associations-and-youth-groups\/","og_locale":"en_US","og_type":"article","og_title":"Associations and Youth Groups - Concello da Guarda","og_url":"https:\/\/www.aguarda.es\/en\/municipal-services\/youth-municipal-youth-information-office-omix\/associations-and-youth-groups\/","og_site_name":"Concello da Guarda","article_publisher":"https:\/\/www.facebook.com\/ConcellodaGuarda","og_image":[{"width":1135,"height":712,"url":"https:\/\/www.aguarda.es\/wp-content\/uploads\/2017\/06\/escudo-full-2.jpg","type":"image\/jpeg"}],"twitter_card":"summary_large_image","twitter_site":"@AGuarda_es","schema":{"@context":"https:\/\/schema.org","@graph":[{"@type":"WebPage","@id":"https:\/\/www.aguarda.es\/en\/municipal-services\/youth-municipal-youth-information-office-omix\/associations-and-youth-groups\/","url":"https:\/\/www.aguarda.es\/en\/municipal-services\/youth-municipal-youth-information-office-omix\/associations-and-youth-groups\/","name":"Associations and Youth Groups - Concello da Guarda","isPartOf":{"@id":"https:\/\/www.aguarda.es\/en\/#website"},"datePublished":"2019-02-13T09:36:58+00:00","dateModified":"2019-02-13T09:36:58+00:00","breadcrumb":{"@id":"https:\/\/www.aguarda.es\/en\/municipal-services\/youth-municipal-youth-information-office-omix\/associations-and-youth-groups\/#breadcrumb"},"inLanguage":"en-US","potentialAction":[{"@type":"ReadAction","target":["https:\/\/www.aguarda.es\/en\/municipal-services\/youth-municipal-youth-information-office-omix\/associations-and-youth-groups\/"]}]},{"@type":"BreadcrumbList","@id":"https:\/\/www.aguarda.es\/en\/municipal-services\/youth-municipal-youth-information-office-omix\/associations-and-youth-groups\/#breadcrumb","itemListElement":[{"@type":"ListItem","position":1,"name":"Portada","item":"https:\/\/www.aguarda.es\/en\/"},{"@type":"ListItem","position":2,"name":"Municipal services","item":"https:\/\/www.aguarda.es\/en\/municipal-services\/"},{"@type":"ListItem","position":3,"name":"YOUTH (Municipal Youth Information Office- OMIX)","item":"https:\/\/www.aguarda.es\/en\/municipal-services\/youth-municipal-youth-information-office-omix\/"},{"@type":"ListItem","position":4,"name":"Associations and Youth Groups"}]},{"@type":"WebSite","@id":"https:\/\/www.aguarda.es\/en\/#website","url":"https:\/\/www.aguarda.es\/en\/","name":"Concello da Guarda","description":"P\u00e1xina web do concello da Guarda","potentialAction":[{"@type":"SearchAction","target":{"@type":"EntryPoint","urlTemplate":"https:\/\/www.aguarda.es\/en\/?s={search_term_string}"},"query-input":"required name=search_term_string"}],"inLanguage":"en-US"}]}},"_links":{"self":[{"href":"https:\/\/www.aguarda.es\/en\/wp-json\/wp\/v2\/pages\/16762"}],"collection":[{"href":"https:\/\/www.aguarda.es\/en\/wp-json\/wp\/v2\/pages"}],"about":[{"href":"https:\/\/www.aguarda.es\/en\/wp-json\/wp\/v2\/types\/page"}],"author":[{"embeddable":true,"href":"https:\/\/www.aguarda.es\/en\/wp-json\/wp\/v2\/users\/1"}],"replies":[{"embeddable":true,"href":"https:\/\/www.aguarda.es\/en\/wp-json\/wp\/v2\/comments?post=16762"}],"version-history":[{"count":0,"href":"https:\/\/www.aguarda.es\/en\/wp-json\/wp\/v2\/pages\/16762\/revisions"}],"up":[{"embeddable":true,"href":"https:\/\/www.aguarda.es\/en\/wp-json\/wp\/v2\/pages\/16763"}],"wp:attachment":[{"href":"https:\/\/www.aguarda.es\/en\/wp-json\/wp\/v2\/media?parent=16762"}],"curies":[{"name":"wp","href":"https:\/\/api.w.org\/{rel}","templated":true}]}}