{"id":16826,"date":"2019-02-14T09:35:14","date_gmt":"2019-02-14T09:35:14","guid":{"rendered":"https:\/\/www.aguarda.es\/municipal-services\/culture\/"},"modified":"2019-06-06T09:29:32","modified_gmt":"2019-06-06T09:29:32","slug":"culture","status":"publish","type":"page","link":"https:\/\/www.aguarda.es\/en\/municipal-services\/culture\/","title":{"rendered":"Culture"},"content":{"rendered":"<p>[vc_row][vc_column][vc_column_text el_class=&#8221;datos-de-contacto&#8221;]<\/p>\n<div id=\"jsn-mainbody-content\" class=\" jsn-hasmainbodybottom jsn-hasmainbody\">\n<div id=\"jsn-pos-mainbody-bottom\" class=\"jsn-modulescontainer jsn-horizontallayout jsn-modulescontainer1 row-fluid\">\n<div class=\"moduloPortadaServiciosContacto jsn-modulecontainer span12\">\n<div class=\"jsn-modulecontainer_inner\">\n<div class=\"jsn-modulecontent\">\n<div>\n<ul>\n<li><a>Praza do Rel\u00f3 1, A Guarda, Postalcode 36780<\/a><\/li>\n<li><a><strong>Phone:<\/strong>\u00a0986 610 000 (ext. 5)<\/a><\/li>\n<li><a><strong>Email:<\/strong>\u00a0cultura@aguarda.es<\/a><\/li>\n<li><a><strong>Fax:<\/strong>\u00a0986 610 283<\/a><\/li>\n<\/ul>\n<\/div>\n<div><\/div>\n<\/div>\n<\/div>\n<\/div>\n<\/div>\n<\/div>\n<p>[\/vc_column_text][\/vc_column][\/vc_row][vc_row][vc_column][vc_column_text]<br \/>\nThe Department of Culture of A Guarda Council has set the mission to disseminate and support the different cultural manifestations that are in and outside the municipality, crating a cultural offer that allows the population of the municipality and the region to access to cultural and leisure contents in their own territory, as well as to be knowledgeable and participants in their traditions, idiosyncrasy and their own cultural manifestations.<\/p>\n<p>The main protagonists of this cultural offer, leave from the citizenship itself, organized in the numerous associations and groups that giving responses to their own concerns, they organize activities, events and festivals. As well as the local inventors, numerous in our town: writers, painters, sculptors, filmmakers and musicians of all kinds, all of them show the important creative potential.<br \/>\n[\/vc_column_text][\/vc_column][\/vc_row][vc_row][vc_column]<div class=\"thim-widget-carousel-post\"><h3 class=\"widget-title\">Latest News<\/h3>\t<div class=\"thim-owl-carousel-post thim-carousel-wrapper\" data-visible=\"3\"\n\t     data-pagination=\"0\" data-navigation=\"1\" data-autoplay=\"4000\">\n\t\t\t\t\t<div class=\"item\">\n\t\t\t\t\t\t\t\t<div class=\"image\">\n\t\t\t\t\t<a href=\"https:\/\/www.aguarda.es\/en\/a-unidade-mobil-de-ados-visita-a-guarda-o-martes-28-de-abril\/\">\n\t\t\t\t\t\t<img src=\"https:\/\/www.aguarda.es\/wp-content\/uploads\/2026\/04\/tn_A-GUARDA-A3-ADOS-ABRIL_page-0001-189x267.jpg\" alt=\"A unidade m\u00f3bil de ADOS visita A Guarda o martes 28 de abril\" title=\"Tn A GUARDA A3 ADOS ABRIL Page 0001\"  width=\"450\" height=\"267\">\t\t\t\t\t<\/a>\n\t\t\t\t<\/div>\n\t\t\t\t<div class=\"content\">\n\t\t\t\t\t<div class=\"info\">\n\t\t\t\t\t\t<div class=\"author\">\n\t\t\t\t\t\t\t<span>prensa<\/span>\t\t\t\t\t\t<\/div>\n\t\t\t\t\t\t<div class=\"date\">\n\t\t\t\t\t\t\t24 April, 2026\t\t\t\t\t\t<\/div>\n\t\t\t\t\t<\/div>\n\t\t\t\t\t<h4 class=\"title\">\n\t\t\t\t\t\t<a href=\"https:\/\/www.aguarda.es\/en\/a-unidade-mobil-de-ados-visita-a-guarda-o-martes-28-de-abril\/\">A unidade m\u00f3bil de ADOS visita A Guarda o martes 28 de abril<\/a>\n\t\t\t\t\t<\/h4>\n\t\t\t\t<\/div>\n\t\t\t<\/div>\n\t\t\t\t\t\t<div class=\"item\">\n\t\t\t\t\t\t\t\t<div class=\"image\">\n\t\t\t\t\t<a href=\"https:\/\/www.aguarda.es\/en\/a-unidade-mobil-de-inspeccion-tecnica-de-vehiculos-estara-en-maio-na-guarda\/\">\n\t\t\t\t\t\t<img src=\"https:\/\/www.aguarda.es\/wp-content\/uploads\/2026\/04\/ITV-motos-e-coches-450x267.jpg\" alt=\"A unidade m\u00f3bil de Inspecci\u00f3n T\u00e9cnica de Veh\u00edculos estar\u00e1 en maio na Guarda\" title=\"ITV Motos E Coches\"  width=\"450\" height=\"267\">\t\t\t\t\t<\/a>\n\t\t\t\t<\/div>\n\t\t\t\t<div class=\"content\">\n\t\t\t\t\t<div class=\"info\">\n\t\t\t\t\t\t<div class=\"author\">\n\t\t\t\t\t\t\t<span>prensa<\/span>\t\t\t\t\t\t<\/div>\n\t\t\t\t\t\t<div class=\"date\">\n\t\t\t\t\t\t\t22 April, 2026\t\t\t\t\t\t<\/div>\n\t\t\t\t\t<\/div>\n\t\t\t\t\t<h4 class=\"title\">\n\t\t\t\t\t\t<a href=\"https:\/\/www.aguarda.es\/en\/a-unidade-mobil-de-inspeccion-tecnica-de-vehiculos-estara-en-maio-na-guarda\/\">A unidade m\u00f3bil de Inspecci\u00f3n T\u00e9cnica de Veh\u00edculos estar\u00e1 en maio na Guarda<\/a>\n\t\t\t\t\t<\/h4>\n\t\t\t\t<\/div>\n\t\t\t<\/div>\n\t\t\t\t\t\t<div class=\"item\">\n\t\t\t\t\t\t\t\t<div class=\"image\">\n\t\t\t\t\t<a href=\"https:\/\/www.aguarda.es\/en\/a-churrreria-santa-tecla-sumase-a-venda-en-beneficio-das-festas-do-monte-2026\/\">\n\t\t\t\t\t\t<img src=\"https:\/\/www.aguarda.es\/wp-content\/uploads\/2026\/04\/churreria-Santa-Tecla-450x267.jpeg\" alt=\"A churrrer\u00eda Santa Tecla s\u00famase \u00e1 venda en beneficio das Festas do Monte 2026\" title=\"Churreria Santa Tecla\"  width=\"450\" height=\"267\">\t\t\t\t\t<\/a>\n\t\t\t\t<\/div>\n\t\t\t\t<div class=\"content\">\n\t\t\t\t\t<div class=\"info\">\n\t\t\t\t\t\t<div class=\"author\">\n\t\t\t\t\t\t\t<span>prensa<\/span>\t\t\t\t\t\t<\/div>\n\t\t\t\t\t\t<div class=\"date\">\n\t\t\t\t\t\t\t1 April, 2026\t\t\t\t\t\t<\/div>\n\t\t\t\t\t<\/div>\n\t\t\t\t\t<h4 class=\"title\">\n\t\t\t\t\t\t<a href=\"https:\/\/www.aguarda.es\/en\/a-churrreria-santa-tecla-sumase-a-venda-en-beneficio-das-festas-do-monte-2026\/\">A churrrer\u00eda Santa Tecla s\u00famase \u00e1 venda en beneficio das Festas do Monte 2026<\/a>\n\t\t\t\t\t<\/h4>\n\t\t\t\t<\/div>\n\t\t\t<\/div>\n\t\t\t\t\t\t<div class=\"item\">\n\t\t\t\t\t\t\t\t<div class=\"image\">\n\t\t\t\t\t<a href=\"https:\/\/www.aguarda.es\/en\/a-guarda-non-tera-citas-para-dni-e-pasaporte-ata-maio\/\">\n\t\t\t\t\t\t<img src=\"https:\/\/www.aguarda.es\/wp-content\/uploads\/2026\/03\/CANCELACION-CITAS-450x267.jpg\" alt=\"A Guarda non ter\u00e1 citas para DNI e pasaporte ata maio\" title=\"CANCELACION CITAS\"  width=\"450\" height=\"267\">\t\t\t\t\t<\/a>\n\t\t\t\t<\/div>\n\t\t\t\t<div class=\"content\">\n\t\t\t\t\t<div class=\"info\">\n\t\t\t\t\t\t<div class=\"author\">\n\t\t\t\t\t\t\t<span>prensa<\/span>\t\t\t\t\t\t<\/div>\n\t\t\t\t\t\t<div class=\"date\">\n\t\t\t\t\t\t\t31 March, 2026\t\t\t\t\t\t<\/div>\n\t\t\t\t\t<\/div>\n\t\t\t\t\t<h4 class=\"title\">\n\t\t\t\t\t\t<a href=\"https:\/\/www.aguarda.es\/en\/a-guarda-non-tera-citas-para-dni-e-pasaporte-ata-maio\/\">A Guarda non ter\u00e1 citas para DNI e pasaporte ata maio<\/a>\n\t\t\t\t\t<\/h4>\n\t\t\t\t<\/div>\n\t\t\t<\/div>\n\t\t\t\t\t\t<div class=\"item\">\n\t\t\t\t\t\t\t\t<div class=\"image\">\n\t\t\t\t\t<a href=\"https:\/\/www.aguarda.es\/en\/o-guardes-juan-collazo-elaborara-o-seu-sandwich-finalista-do-concurso-de-delikia-para-toda-a-guarda\/\">\n\t\t\t\t\t\t<img src=\"https:\/\/www.aguarda.es\/wp-content\/uploads\/2026\/03\/Presentacion-foodtruck-FDM-450x267.jpeg\" alt=\"O guard\u00e9s Juan Collazo elaborar\u00e1 o seu s\u00e1ndwich finalista do concurso de Delikia para toda A Guarda\" title=\"Presentacion Foodtruck FDM\"  width=\"450\" height=\"267\">\t\t\t\t\t<\/a>\n\t\t\t\t<\/div>\n\t\t\t\t<div class=\"content\">\n\t\t\t\t\t<div class=\"info\">\n\t\t\t\t\t\t<div class=\"author\">\n\t\t\t\t\t\t\t<span>prensa<\/span>\t\t\t\t\t\t<\/div>\n\t\t\t\t\t\t<div class=\"date\">\n\t\t\t\t\t\t\t29 March, 2026\t\t\t\t\t\t<\/div>\n\t\t\t\t\t<\/div>\n\t\t\t\t\t<h4 class=\"title\">\n\t\t\t\t\t\t<a href=\"https:\/\/www.aguarda.es\/en\/o-guardes-juan-collazo-elaborara-o-seu-sandwich-finalista-do-concurso-de-delikia-para-toda-a-guarda\/\">O guard\u00e9s Juan Collazo elaborar\u00e1 o seu s\u00e1ndwich finalista do concurso de Delikia para toda A Guarda<\/a>\n\t\t\t\t\t<\/h4>\n\t\t\t\t<\/div>\n\t\t\t<\/div>\n\t\t\t\t\t\t<div class=\"item\">\n\t\t\t\t\t\t\t\t<div class=\"image\">\n\t\t\t\t\t<a href=\"https:\/\/www.aguarda.es\/en\/o-concello-da-guarda-renova-gran-parte-da-sua-frota-de-vehiculos-de-servizos-municipais\/\">\n\t\t\t\t\t\t<img src=\"https:\/\/www.aguarda.es\/wp-content\/uploads\/2026\/03\/vehiculos-A-Guarda-1-450x267.jpeg\" alt=\"O Concello da Guarda renova gran parte da s\u00faa frota de veh\u00edculos de servizos municipais\" title=\"Vehiculos A Guarda (1)\"  width=\"450\" height=\"267\">\t\t\t\t\t<\/a>\n\t\t\t\t<\/div>\n\t\t\t\t<div class=\"content\">\n\t\t\t\t\t<div class=\"info\">\n\t\t\t\t\t\t<div class=\"author\">\n\t\t\t\t\t\t\t<span>prensa<\/span>\t\t\t\t\t\t<\/div>\n\t\t\t\t\t\t<div class=\"date\">\n\t\t\t\t\t\t\t25 March, 2026\t\t\t\t\t\t<\/div>\n\t\t\t\t\t<\/div>\n\t\t\t\t\t<h4 class=\"title\">\n\t\t\t\t\t\t<a href=\"https:\/\/www.aguarda.es\/en\/o-concello-da-guarda-renova-gran-parte-da-sua-frota-de-vehiculos-de-servizos-municipais\/\">O Concello da Guarda renova gran parte da s\u00faa frota de veh\u00edculos de servizos municipais<\/a>\n\t\t\t\t\t<\/h4>\n\t\t\t\t<\/div>\n\t\t\t<\/div>\n\t\t\t\t<\/div>\n\n\t<\/div>[\/vc_column][\/vc_row]<\/p>\n","protected":false},"excerpt":{"rendered":"<p>[vc_row][vc_column][vc_column_text el_class=&#8221;datos-de-contacto&#8221;] Praza do Rel\u00f3 1, A Guarda, Postalcode 36780 Phone:\u00a0986 610 000 (ext. 5) Email:\u00a0cultura@aguarda.es Fax:\u00a0986 610 283 [\/vc_column_text][\/vc_column][\/vc_row][vc_row][vc_column][vc_column_text] The Department of Culture of A Guarda Council has set the mission to disseminate and support the different cultural manifestations &hellip; <\/p>\n","protected":false},"author":1,"featured_media":0,"parent":16557,"menu_order":0,"comment_status":"closed","ping_status":"closed","template":"","meta":[],"yoast_head":"<!-- This site is optimized with the Yoast SEO plugin v21.1 - https:\/\/yoast.com\/wordpress\/plugins\/seo\/ -->\n<title>Culture - Concello da Guarda<\/title>\n<meta name=\"robots\" content=\"index, follow, max-snippet:-1, max-image-preview:large, max-video-preview:-1\" \/>\n<link rel=\"canonical\" href=\"https:\/\/www.aguarda.es\/en\/municipal-services\/culture\/\" \/>\n<meta property=\"og:locale\" content=\"en_US\" \/>\n<meta property=\"og:type\" content=\"article\" \/>\n<meta property=\"og:title\" content=\"Culture - Concello da Guarda\" \/>\n<meta property=\"og:description\" content=\"[vc_row][vc_column][vc_column_text el_class=&#8221;datos-de-contacto&#8221;] Praza do Rel\u00f3 1, A Guarda, Postalcode 36780 Phone:\u00a0986 610 000 (ext. 5) Email:\u00a0cultura@aguarda.es Fax:\u00a0986 610 283 [\/vc_column_text][\/vc_column][\/vc_row][vc_row][vc_column][vc_column_text] The Department of Culture of A Guarda Council has set the mission to disseminate and support the different cultural manifestations &hellip;\" \/>\n<meta property=\"og:url\" content=\"https:\/\/www.aguarda.es\/en\/municipal-services\/culture\/\" \/>\n<meta property=\"og:site_name\" content=\"Concello da Guarda\" \/>\n<meta property=\"article:publisher\" content=\"https:\/\/www.facebook.com\/ConcellodaGuarda\" \/>\n<meta property=\"article:modified_time\" content=\"2019-06-06T09:29:32+00:00\" \/>\n<meta property=\"og:image\" content=\"https:\/\/www.aguarda.es\/wp-content\/uploads\/2017\/06\/escudo-full-2.jpg\" \/>\n\t<meta property=\"og:image:width\" content=\"1135\" \/>\n\t<meta property=\"og:image:height\" content=\"712\" \/>\n\t<meta property=\"og:image:type\" content=\"image\/jpeg\" \/>\n<meta name=\"twitter:card\" content=\"summary_large_image\" \/>\n<meta name=\"twitter:site\" content=\"@AGuarda_es\" \/>\n<meta name=\"twitter:label1\" content=\"Est. reading time\" \/>\n\t<meta name=\"twitter:data1\" content=\"1 minute\" \/>\n<script type=\"application\/ld+json\" class=\"yoast-schema-graph\">{\"@context\":\"https:\/\/schema.org\",\"@graph\":[{\"@type\":\"WebPage\",\"@id\":\"https:\/\/www.aguarda.es\/en\/municipal-services\/culture\/\",\"url\":\"https:\/\/www.aguarda.es\/en\/municipal-services\/culture\/\",\"name\":\"Culture - Concello da Guarda\",\"isPartOf\":{\"@id\":\"https:\/\/www.aguarda.es\/en\/#website\"},\"datePublished\":\"2019-02-14T09:35:14+00:00\",\"dateModified\":\"2019-06-06T09:29:32+00:00\",\"breadcrumb\":{\"@id\":\"https:\/\/www.aguarda.es\/en\/municipal-services\/culture\/#breadcrumb\"},\"inLanguage\":\"en-US\",\"potentialAction\":[{\"@type\":\"ReadAction\",\"target\":[\"https:\/\/www.aguarda.es\/en\/municipal-services\/culture\/\"]}]},{\"@type\":\"BreadcrumbList\",\"@id\":\"https:\/\/www.aguarda.es\/en\/municipal-services\/culture\/#breadcrumb\",\"itemListElement\":[{\"@type\":\"ListItem\",\"position\":1,\"name\":\"Portada\",\"item\":\"https:\/\/www.aguarda.es\/en\/\"},{\"@type\":\"ListItem\",\"position\":2,\"name\":\"Municipal services\",\"item\":\"https:\/\/www.aguarda.es\/en\/municipal-services\/\"},{\"@type\":\"ListItem\",\"position\":3,\"name\":\"Culture\"}]},{\"@type\":\"WebSite\",\"@id\":\"https:\/\/www.aguarda.es\/en\/#website\",\"url\":\"https:\/\/www.aguarda.es\/en\/\",\"name\":\"Concello da Guarda\",\"description\":\"P\u00e1xina web do concello da Guarda\",\"potentialAction\":[{\"@type\":\"SearchAction\",\"target\":{\"@type\":\"EntryPoint\",\"urlTemplate\":\"https:\/\/www.aguarda.es\/en\/?s={search_term_string}\"},\"query-input\":\"required name=search_term_string\"}],\"inLanguage\":\"en-US\"}]}<\/script>\n<!-- \/ Yoast SEO plugin. -->","yoast_head_json":{"title":"Culture - Concello da Guarda","robots":{"index":"index","follow":"follow","max-snippet":"max-snippet:-1","max-image-preview":"max-image-preview:large","max-video-preview":"max-video-preview:-1"},"canonical":"https:\/\/www.aguarda.es\/en\/municipal-services\/culture\/","og_locale":"en_US","og_type":"article","og_title":"Culture - Concello da Guarda","og_description":"[vc_row][vc_column][vc_column_text el_class=&#8221;datos-de-contacto&#8221;] Praza do Rel\u00f3 1, A Guarda, Postalcode 36780 Phone:\u00a0986 610 000 (ext. 5) Email:\u00a0cultura@aguarda.es Fax:\u00a0986 610 283 [\/vc_column_text][\/vc_column][\/vc_row][vc_row][vc_column][vc_column_text] The Department of Culture of A Guarda Council has set the mission to disseminate and support the different cultural manifestations &hellip;","og_url":"https:\/\/www.aguarda.es\/en\/municipal-services\/culture\/","og_site_name":"Concello da Guarda","article_publisher":"https:\/\/www.facebook.com\/ConcellodaGuarda","article_modified_time":"2019-06-06T09:29:32+00:00","og_image":[{"width":1135,"height":712,"url":"https:\/\/www.aguarda.es\/wp-content\/uploads\/2017\/06\/escudo-full-2.jpg","type":"image\/jpeg"}],"twitter_card":"summary_large_image","twitter_site":"@AGuarda_es","twitter_misc":{"Est. reading time":"1 minute"},"schema":{"@context":"https:\/\/schema.org","@graph":[{"@type":"WebPage","@id":"https:\/\/www.aguarda.es\/en\/municipal-services\/culture\/","url":"https:\/\/www.aguarda.es\/en\/municipal-services\/culture\/","name":"Culture - Concello da Guarda","isPartOf":{"@id":"https:\/\/www.aguarda.es\/en\/#website"},"datePublished":"2019-02-14T09:35:14+00:00","dateModified":"2019-06-06T09:29:32+00:00","breadcrumb":{"@id":"https:\/\/www.aguarda.es\/en\/municipal-services\/culture\/#breadcrumb"},"inLanguage":"en-US","potentialAction":[{"@type":"ReadAction","target":["https:\/\/www.aguarda.es\/en\/municipal-services\/culture\/"]}]},{"@type":"BreadcrumbList","@id":"https:\/\/www.aguarda.es\/en\/municipal-services\/culture\/#breadcrumb","itemListElement":[{"@type":"ListItem","position":1,"name":"Portada","item":"https:\/\/www.aguarda.es\/en\/"},{"@type":"ListItem","position":2,"name":"Municipal services","item":"https:\/\/www.aguarda.es\/en\/municipal-services\/"},{"@type":"ListItem","position":3,"name":"Culture"}]},{"@type":"WebSite","@id":"https:\/\/www.aguarda.es\/en\/#website","url":"https:\/\/www.aguarda.es\/en\/","name":"Concello da Guarda","description":"P\u00e1xina web do concello da Guarda","potentialAction":[{"@type":"SearchAction","target":{"@type":"EntryPoint","urlTemplate":"https:\/\/www.aguarda.es\/en\/?s={search_term_string}"},"query-input":"required name=search_term_string"}],"inLanguage":"en-US"}]}},"_links":{"self":[{"href":"https:\/\/www.aguarda.es\/en\/wp-json\/wp\/v2\/pages\/16826"}],"collection":[{"href":"https:\/\/www.aguarda.es\/en\/wp-json\/wp\/v2\/pages"}],"about":[{"href":"https:\/\/www.aguarda.es\/en\/wp-json\/wp\/v2\/types\/page"}],"author":[{"embeddable":true,"href":"https:\/\/www.aguarda.es\/en\/wp-json\/wp\/v2\/users\/1"}],"replies":[{"embeddable":true,"href":"https:\/\/www.aguarda.es\/en\/wp-json\/wp\/v2\/comments?post=16826"}],"version-history":[{"count":4,"href":"https:\/\/www.aguarda.es\/en\/wp-json\/wp\/v2\/pages\/16826\/revisions"}],"predecessor-version":[{"id":18335,"href":"https:\/\/www.aguarda.es\/en\/wp-json\/wp\/v2\/pages\/16826\/revisions\/18335"}],"up":[{"embeddable":true,"href":"https:\/\/www.aguarda.es\/en\/wp-json\/wp\/v2\/pages\/16557"}],"wp:attachment":[{"href":"https:\/\/www.aguarda.es\/en\/wp-json\/wp\/v2\/media?parent=16826"}],"curies":[{"name":"wp","href":"https:\/\/api.w.org\/{rel}","templated":true}]}}